{"id":140,"date":"2023-06-27T18:39:18","date_gmt":"2023-06-27T17:39:18","guid":{"rendered":"https:\/\/loewen-escholzmatt.ch\/?page_id=140"},"modified":"2023-06-27T18:39:30","modified_gmt":"2023-06-27T17:39:30","slug":"links-2","status":"publish","type":"page","link":"https:\/\/loewen-escholzmatt.ch\/?page_id=140","title":{"rendered":"Links"},"content":{"rendered":"\n  \n    <section class=\"u-clearfix u-section-1\" id=\"sec-0b2e\">\n      <div class=\"u-clearfix u-sheet u-sheet-1\">\n        <h1 class=\"u-custom-font u-font-raleway u-text u-text-default u-text-1\" data-lang-de=\"Links\" data-lang-en=\"Links\">Links<\/h1>\n        <ul class=\"u-custom-list u-file-icon u-text u-text-2\" data-lang-de=\"<li><div class=&quot;u-list-icon u-list-icon-1&quot; style=&quot;color: rgb(244, 67, 54) !important&quot;><img src=&quot;https:\/\/loewen-escholzmatt.ch\/wp-content\/uploads\/2023\/06\/376007-1.png&quot; alt=&quot;&quot; data-original-src=&quot;https:\/\/loewen-escholzmatt.ch\/wp-content\/uploads\/2023\/06\/376007-1.png&quot; data-color=&quot;#000000&quot;><\/div><a href=&quot;https:\/\/www.chilemusig.ch\/startseite.html&quot; class=&quot;u-border-1 u-border-active-palette-2-base u-border-hover-palette-1-base u-border-no-left u-border-no-right u-border-no-top u-btn u-button-link u-button-style u-none u-text-body-color u-btn-1 u-block-control&quot; target=&quot;_blank&quot; style=&quot;border-style: solid; padding-top: 0; padding-bottom: 0; padding-left: 0; padding-right: 0&quot; data-block=&quot;627&quot;>Kirchenmusik Escholzmatt<\/a><\/li><li><div class=&quot;u-list-icon u-list-icon-2&quot; style=&quot;color: rgb(244, 67, 54) !important&quot;><img src=&quot;https:\/\/loewen-escholzmatt.ch\/wp-content\/uploads\/2023\/06\/376007-1.png&quot; alt=&quot;&quot; data-original-src=&quot;https:\/\/loewen-escholzmatt.ch\/wp-content\/uploads\/2023\/06\/376007-1.png&quot;><\/div><a href=&quot;https:\/\/trachtengruppe-escholzmatt.ch\/&quot; class=&quot;u-active-none u-border-none u-btn u-button-link u-button-style u-hover-none u-none u-text-body-color u-btn-2 u-block-control&quot; target=&quot;_blank&quot; style=&quot;background-image: none; padding-top: 0; padding-bottom: 0; padding-left: 0; padding-right: 0&quot; data-block=&quot;628&quot;>Trachtengruppe Escholzmatt<\/a><\/li><li><div class=&quot;u-list-icon u-list-icon-3&quot; style=&quot;color: rgb(244, 67, 54) !important&quot;><img src=&quot;https:\/\/loewen-escholzmatt.ch\/wp-content\/uploads\/2023\/06\/376007-1.png&quot; alt=&quot;&quot; data-original-src=&quot;https:\/\/loewen-escholzmatt.ch\/wp-content\/uploads\/2023\/06\/376007-1.png&quot;><\/div><a href=&quot;https:\/\/www.theater-escholzmatt.ch&quot; class=&quot;u-active-none u-border-none u-btn u-button-link u-button-style u-hover-none u-none u-text-body-color u-btn-3 u-block-control&quot; target=&quot;_blank&quot; style=&quot;background-image: none; padding-top: 0; padding-bottom: 0; padding-left: 0; padding-right: 0&quot; data-block=&quot;629&quot;>Theater Escholzmatt<\/a><\/li><li><div class=&quot;u-list-icon u-list-icon-4&quot; style=&quot;color: rgb(244, 67, 54) !important&quot;><img src=&quot;https:\/\/loewen-escholzmatt.ch\/wp-content\/uploads\/2023\/06\/376007-1.png&quot; alt=&quot;&quot; data-original-src=&quot;https:\/\/loewen-escholzmatt.ch\/wp-content\/uploads\/2023\/06\/376007-1.png&quot;><\/div><a href=&quot;https:\/\/www.appenzellerbier.ch\/de\/home.html&quot; class=&quot;u-active-none u-border-none u-btn u-button-link u-button-style u-hover-none u-none u-text-body-color u-btn-4 u-block-control&quot; target=&quot;_blank&quot; style=&quot;background-image: none; padding-top: 0; padding-bottom: 0; padding-left: 0; padding-right: 0&quot; data-block=&quot;630&quot;>Appenzeller Bier<\/a><\/li><li><div class=&quot;u-list-icon u-list-icon-5&quot; style=&quot;color: rgb(244, 67, 54) !important&quot;><img src=&quot;https:\/\/loewen-escholzmatt.ch\/wp-content\/uploads\/2023\/06\/376007-1.png&quot; alt=&quot;&quot; data-original-src=&quot;https:\/\/loewen-escholzmatt.ch\/wp-content\/uploads\/2023\/06\/376007-1.png&quot;><\/div><a href=&quot;https:\/\/pilatus-getraenke.ch\/&quot; class=&quot;u-active-none u-border-none u-btn u-button-link u-button-style u-hover-none u-none u-text-body-color u-btn-5 u-block-control&quot; target=&quot;_blank&quot; style=&quot;background-image: none; padding-top: 0; padding-bottom: 0; padding-left: 0; padding-right: 0&quot; data-block=&quot;631&quot;>Pilatus Getr\u00e4nke<\/a><\/li><li><div class=&quot;u-list-icon u-list-icon-6&quot; style=&quot;color: rgb(244, 67, 54) !important&quot;><img src=&quot;https:\/\/loewen-escholzmatt.ch\/wp-content\/uploads\/2023\/06\/376007-1.png&quot; alt=&quot;&quot; data-original-src=&quot;https:\/\/loewen-escholzmatt.ch\/wp-content\/uploads\/2023\/06\/376007-1.png&quot;><\/div><a href=&quot;http:\/\/www.southcoastoceanviewapartments.com\/&quot; class=&quot;u-active-none u-border-none u-btn u-button-link u-button-style u-hover-none u-none u-text-body-color u-btn-6 u-block-control&quot; target=&quot;_blank&quot; style=&quot;background-image: none; padding-top: 0; padding-bottom: 0; padding-left: 0; padding-right: 0&quot; data-block=&quot;632&quot;>Ruedi und Wilma Portmann<\/a><\/li><li><div class=&quot;u-list-icon u-list-icon-7&quot; style=&quot;color: rgb(244, 67, 54) !important&quot;><img src=&quot;https:\/\/loewen-escholzmatt.ch\/wp-content\/uploads\/2023\/06\/376007-1.png&quot; alt=&quot;&quot; data-original-src=&quot;https:\/\/loewen-escholzmatt.ch\/wp-content\/uploads\/2023\/06\/376007-1.png&quot;><\/div><a href=&quot;http:\/\/www.jodlerchoerli-lehn.ch\/&quot; class=&quot;u-active-none u-border-none u-btn u-button-link u-button-style u-hover-none u-none u-text-body-color u-btn-7 u-block-control&quot; target=&quot;_blank&quot; style=&quot;background-image: none; padding-top: 0; padding-bottom: 0; padding-left: 0; padding-right: 0&quot; data-block=&quot;633&quot;>Jodlerch\u00f6rli Lehn<\/a><\/li><li><div class=&quot;u-list-icon u-list-icon-8&quot; style=&quot;color: rgb(244, 67, 54) !important&quot;><img src=&quot;https:\/\/loewen-escholzmatt.ch\/wp-content\/uploads\/2023\/06\/376007-1.png&quot; alt=&quot;&quot; data-original-src=&quot;https:\/\/loewen-escholzmatt.ch\/wp-content\/uploads\/2023\/06\/376007-1.png&quot;><\/div><a href=&quot;https:\/\/www.sergeschmid.ch\/&quot; class=&quot;u-active-none u-border-none u-btn u-button-link u-button-style u-hover-none u-none u-text-body-color u-btn-8 u-block-control&quot; target=&quot;_blank&quot; style=&quot;background-image: none; padding-top: 0; padding-bottom: 0; padding-left: 0; padding-right: 0&quot; data-block=&quot;634&quot;>Serge Schmid, Langnau<\/a><\/li><li><div class=&quot;u-list-icon u-list-icon-9&quot; style=&quot;color: rgb(244, 67, 54) !important&quot;><img src=&quot;https:\/\/loewen-escholzmatt.ch\/wp-content\/uploads\/2023\/06\/376007-1.png&quot; alt=&quot;&quot; data-original-src=&quot;https:\/\/loewen-escholzmatt.ch\/wp-content\/uploads\/2023\/06\/376007-1.png&quot;><\/div><a href=&quot;https:\/\/www.escholzmatt-marbach.ch\/&quot; class=&quot;u-active-none u-border-none u-btn u-button-link u-button-style u-hover-none u-none u-text-body-color u-btn-9 u-block-control&quot; target=&quot;_blank&quot; style=&quot;background-image: none; padding-top: 0; padding-bottom: 0; padding-left: 0; padding-right: 0&quot; data-block=&quot;635&quot;>Gemeinde Escholzmatt<\/a><\/li><li><div class=&quot;u-list-icon u-list-icon-10&quot; style=&quot;color: rgb(244, 67, 54) !important&quot;><img src=&quot;https:\/\/loewen-escholzmatt.ch\/wp-content\/uploads\/2023\/06\/376007-1.png&quot; alt=&quot;&quot; data-original-src=&quot;https:\/\/loewen-escholzmatt.ch\/wp-content\/uploads\/2023\/06\/376007-1.png&quot;><\/div><a href=&quot;https:\/\/www.entlebuchersennenhunde.ch&quot; class=&quot;u-active-none u-border-none u-btn u-button-link u-button-style u-hover-none u-none u-text-body-color u-btn-10 u-block-control&quot; target=&quot;_blank&quot; style=&quot;background-image: none; padding-top: 0; padding-bottom: 0; padding-left: 0; padding-right: 0&quot; data-block=&quot;636&quot;>Entlebucher Sennenhund<\/a><\/li><li><div class=&quot;u-list-icon u-list-icon-11&quot; style=&quot;color: rgb(244, 67, 54) !important&quot;><img src=&quot;https:\/\/loewen-escholzmatt.ch\/wp-content\/uploads\/2023\/06\/376007-1.png&quot; alt=&quot;&quot; data-original-src=&quot;https:\/\/loewen-escholzmatt.ch\/wp-content\/uploads\/2023\/06\/376007-1.png&quot;><\/div><a href=&quot;https:\/\/www.soerenberg.ch\/de\/&quot; class=&quot;u-active-none u-border-none u-btn u-button-link u-button-style u-hover-none u-none u-text-body-color u-btn-11 u-block-control&quot; target=&quot;_blank&quot; style=&quot;background-image: none; padding-top: 0; padding-bottom: 0; padding-left: 0; padding-right: 0&quot; data-block=&quot;637&quot;>Ferienregion S\u00f6renberg<\/a><\/li><li><div class=&quot;u-list-icon u-list-icon-12&quot; style=&quot;color: rgb(244, 67, 54) !important&quot;><img src=&quot;https:\/\/loewen-escholzmatt.ch\/wp-content\/uploads\/2023\/06\/376007-1.png&quot; alt=&quot;&quot; data-original-src=&quot;https:\/\/loewen-escholzmatt.ch\/wp-content\/uploads\/2023\/06\/376007-1.png&quot; data-color=&quot;#000000&quot;><\/div><a href=&quot;https:\/\/www.jodlerklub-escholzmatt.ch\/&quot; class=&quot;u-active-none u-border-none u-btn u-button-link u-button-style u-hover-none u-none u-text-black u-btn-12 u-block-control&quot; target=&quot;_blank&quot; style=&quot;background-image: none; padding-top: 0; padding-bottom: 0; padding-left: 0; padding-right: 0; font-family: Raleway, sans-serif; font-size: 1rem&quot; data-block=&quot;638&quot;>\u200b<\/a><a href=&quot;https:\/\/www.jodlerklub-escholzmatt.ch\/&quot; class=&quot;u-active-none u-border-none u-btn u-button-link u-button-style u-hover-none u-none u-text-black u-btn-12 u-block-control&quot; target=&quot;_blank&quot; style=&quot;background-image: none; padding-top: 0; padding-bottom: 0; padding-left: 0; padding-right: 0; font-family: Raleway, sans-serif; font-size: 1rem&quot; data-block=&quot;639&quot;>Jodlerklub Escholzmatt<\/a><\/li>\" data-lang-en=\"<li><div class=&quot;u-list-icon-1 u-list-icon&quot; style=&quot;color: rgb(244, 67, 54) !important&quot;><img src=&quot;https:\/\/loewen-escholzmatt.ch\/wp-content\/uploads\/2023\/06\/376007-1.png&quot; alt=&quot;&quot; data-original-src=&quot;https:\/\/loewen-escholzmatt.ch\/wp-content\/uploads\/2023\/06\/376007-1.png&quot; data-color=&quot;#000000&quot;><\/div><a href=&quot;https:\/\/www.chilemusig.ch\/startseite.html&quot; class=&quot;u-btn-1 u-border-1 u-border-active-palette-2-base u-border-hover-palette-1-base u-border-no-left u-border-no-right u-border-no-top u-btn u-button-link u-button-style u-none u-text-body-color&quot; target=&quot;_blank&quot; style=&quot;border-style: solid; padding-top: 0; padding-bottom: 0; padding-left: 0; padding-right: 0&quot; data-lang-de=&quot;{&amp;quot;content&amp;quot;:&amp;quot;Kirchenmusik Escholzmatt&amp;quot;,&amp;quot;href&amp;quot;:&amp;quot;https:\/\/www.chilemusig.ch\/startseite.html&amp;quot;}&quot;>Kirchenmusik Escholzmatt<\/a><\/li><li><div class=&quot;u-list-icon-2 u-list-icon&quot; style=&quot;color: rgb(244, 67, 54) !important&quot;><img src=&quot;https:\/\/loewen-escholzmatt.ch\/wp-content\/uploads\/2023\/06\/376007-1.png&quot; alt=&quot;&quot; data-original-src=&quot;https:\/\/loewen-escholzmatt.ch\/wp-content\/uploads\/2023\/06\/376007-1.png&quot;><\/div><a href=&quot;https:\/\/trachtengruppe-escholzmatt.ch\/&quot; class=&quot;u-active-none u-btn-2 u-border-none u-btn u-button-link u-button-style u-hover-none u-none u-text-body-color&quot; target=&quot;_blank&quot; style=&quot;background-image: none; padding-top: 0; padding-bottom: 0; padding-left: 0; padding-right: 0&quot; data-lang-de=&quot;{&amp;quot;content&amp;quot;:&amp;quot;Trachtengruppe Escholzmatt&amp;quot;,&amp;quot;href&amp;quot;:&amp;quot;https:\/\/trachtengruppe-escholzmatt.ch\/&amp;quot;}&quot;>Trachtengruppe Escholzmatt<\/a><\/li><li><div class=&quot;u-list-icon-3 u-list-icon&quot; style=&quot;color: rgb(244, 67, 54) !important&quot;><img src=&quot;https:\/\/loewen-escholzmatt.ch\/wp-content\/uploads\/2023\/06\/376007-1.png&quot; alt=&quot;&quot; data-original-src=&quot;https:\/\/loewen-escholzmatt.ch\/wp-content\/uploads\/2023\/06\/376007-1.png&quot;><\/div><a href=&quot;https:\/\/www.theater-escholzmatt.ch&quot; class=&quot;u-active-none u-btn-3 u-border-none u-btn u-button-link u-button-style u-hover-none u-none u-text-body-color&quot; target=&quot;_blank&quot; style=&quot;background-image: none; padding-top: 0; padding-bottom: 0; padding-left: 0; padding-right: 0&quot; data-lang-de=&quot;{&amp;quot;content&amp;quot;:&amp;quot;Theater Escholzmatt&amp;quot;,&amp;quot;href&amp;quot;:&amp;quot;https:\/\/www.theater-escholzmatt.ch&amp;quot;}&quot;>Theater Escholzmatt<\/a><\/li><li><div class=&quot;u-list-icon-4 u-list-icon&quot; style=&quot;color: rgb(244, 67, 54) !important&quot;><img src=&quot;https:\/\/loewen-escholzmatt.ch\/wp-content\/uploads\/2023\/06\/376007-1.png&quot; alt=&quot;&quot; data-original-src=&quot;https:\/\/loewen-escholzmatt.ch\/wp-content\/uploads\/2023\/06\/376007-1.png&quot;><\/div><a href=&quot;https:\/\/www.appenzellerbier.ch\/de\/home.html&quot; class=&quot;u-active-none u-btn-4 u-border-none u-btn u-button-link u-button-style u-hover-none u-none u-text-body-color&quot; target=&quot;_blank&quot; style=&quot;background-image: none; padding-top: 0; padding-bottom: 0; padding-left: 0; padding-right: 0&quot; data-lang-de=&quot;{&amp;quot;content&amp;quot;:&amp;quot;Appenzeller Bier&amp;quot;,&amp;quot;href&amp;quot;:&amp;quot;https:\/\/www.appenzellerbier.ch\/de\/home.html&amp;quot;}&quot;>Appenzeller Bier<\/a><\/li><li><div class=&quot;u-list-icon-5 u-list-icon&quot; style=&quot;color: rgb(244, 67, 54) !important&quot;><img src=&quot;https:\/\/loewen-escholzmatt.ch\/wp-content\/uploads\/2023\/06\/376007-1.png&quot; alt=&quot;&quot; data-original-src=&quot;https:\/\/loewen-escholzmatt.ch\/wp-content\/uploads\/2023\/06\/376007-1.png&quot;><\/div><a href=&quot;https:\/\/pilatus-getraenke.ch\/&quot; class=&quot;u-active-none u-btn-5 u-border-none u-btn u-button-link u-button-style u-hover-none u-none u-text-body-color&quot; target=&quot;_blank&quot; style=&quot;background-image: none; padding-top: 0; padding-bottom: 0; padding-left: 0; padding-right: 0&quot; data-lang-de=&quot;{&amp;quot;content&amp;quot;:&amp;quot;Pilatus Getr\u00e4nke&amp;quot;,&amp;quot;href&amp;quot;:&amp;quot;https:\/\/pilatus-getraenke.ch\/&amp;quot;}&quot;>Pilatus Getr\u00e4nke<\/a><\/li><li><div class=&quot;u-list-icon-6 u-list-icon&quot; style=&quot;color: rgb(244, 67, 54) !important&quot;><img src=&quot;https:\/\/loewen-escholzmatt.ch\/wp-content\/uploads\/2023\/06\/376007-1.png&quot; alt=&quot;&quot; data-original-src=&quot;https:\/\/loewen-escholzmatt.ch\/wp-content\/uploads\/2023\/06\/376007-1.png&quot;><\/div><a href=&quot;http:\/\/www.southcoastoceanviewapartments.com\/&quot; class=&quot;u-active-none u-btn-6 u-border-none u-btn u-button-link u-button-style u-hover-none u-none u-text-body-color&quot; target=&quot;_blank&quot; style=&quot;background-image: none; padding-top: 0; padding-bottom: 0; padding-left: 0; padding-right: 0&quot; data-lang-de=&quot;{&amp;quot;content&amp;quot;:&amp;quot;Ruedi und Wilma Portmann&amp;quot;,&amp;quot;href&amp;quot;:&amp;quot;http:\/\/www.southcoastoceanviewapartments.com\/&amp;quot;}&quot;>Ruedi und Wilma Portmann<\/a><\/li><li><div class=&quot;u-list-icon-7 u-list-icon&quot; style=&quot;color: rgb(244, 67, 54) !important&quot;><img src=&quot;https:\/\/loewen-escholzmatt.ch\/wp-content\/uploads\/2023\/06\/376007-1.png&quot; alt=&quot;&quot; data-original-src=&quot;https:\/\/loewen-escholzmatt.ch\/wp-content\/uploads\/2023\/06\/376007-1.png&quot;><\/div><a href=&quot;http:\/\/www.jodlerchoerli-lehn.ch\/&quot; class=&quot;u-active-none u-btn-7 u-border-none u-btn u-button-link u-button-style u-hover-none u-none u-text-body-color&quot; target=&quot;_blank&quot; style=&quot;background-image: none; padding-top: 0; padding-bottom: 0; padding-left: 0; padding-right: 0&quot; data-lang-de=&quot;{&amp;quot;content&amp;quot;:&amp;quot;Jodlerch\u00f6rli Lehn&amp;quot;,&amp;quot;href&amp;quot;:&amp;quot;http:\/\/www.jodlerchoerli-lehn.ch\/&amp;quot;}&quot;>Jodlerch\u00f6rli Lehn<\/a><\/li><li><div class=&quot;u-list-icon-8 u-list-icon&quot; style=&quot;color: rgb(244, 67, 54) !important&quot;><img src=&quot;https:\/\/loewen-escholzmatt.ch\/wp-content\/uploads\/2023\/06\/376007-1.png&quot; alt=&quot;&quot; data-original-src=&quot;https:\/\/loewen-escholzmatt.ch\/wp-content\/uploads\/2023\/06\/376007-1.png&quot;><\/div><a href=&quot;https:\/\/www.sergeschmid.ch\/&quot; class=&quot;u-active-none u-btn-8 u-border-none u-btn u-button-link u-button-style u-hover-none u-none u-text-body-color&quot; target=&quot;_blank&quot; style=&quot;background-image: none; padding-top: 0; padding-bottom: 0; padding-left: 0; padding-right: 0&quot; data-lang-de=&quot;{&amp;quot;content&amp;quot;:&amp;quot;Serge Schmid, Langnau&amp;quot;,&amp;quot;href&amp;quot;:&amp;quot;https:\/\/www.sergeschmid.ch\/&amp;quot;}&quot;>Serge Schmid, Langnau<\/a><\/li><li><div class=&quot;u-list-icon-9 u-list-icon&quot; style=&quot;color: rgb(244, 67, 54) !important&quot;><img src=&quot;https:\/\/loewen-escholzmatt.ch\/wp-content\/uploads\/2023\/06\/376007-1.png&quot; alt=&quot;&quot; data-original-src=&quot;https:\/\/loewen-escholzmatt.ch\/wp-content\/uploads\/2023\/06\/376007-1.png&quot;><\/div><a href=&quot;https:\/\/www.escholzmatt-marbach.ch\/&quot; class=&quot;u-active-none u-btn-9 u-border-none u-btn u-button-link u-button-style u-hover-none u-none u-text-body-color&quot; target=&quot;_blank&quot; style=&quot;background-image: none; padding-top: 0; padding-bottom: 0; padding-left: 0; padding-right: 0&quot; data-lang-de=&quot;{&amp;quot;content&amp;quot;:&amp;quot;Gemeinde Escholzmatt&amp;quot;,&amp;quot;href&amp;quot;:&amp;quot;https:\/\/www.escholzmatt-marbach.ch\/&amp;quot;}&quot;>Gemeinde Escholzmatt<\/a><\/li><li><div class=&quot;u-list-icon-10 u-list-icon&quot; style=&quot;color: rgb(244, 67, 54) !important&quot;><img src=&quot;https:\/\/loewen-escholzmatt.ch\/wp-content\/uploads\/2023\/06\/376007-1.png&quot; alt=&quot;&quot; data-original-src=&quot;https:\/\/loewen-escholzmatt.ch\/wp-content\/uploads\/2023\/06\/376007-1.png&quot;><\/div><a href=&quot;https:\/\/www.entlebuchersennenhunde.ch&quot; class=&quot;u-active-none u-btn-10 u-border-none u-btn u-button-link u-button-style u-hover-none u-none u-text-body-color&quot; target=&quot;_blank&quot; style=&quot;background-image: none; padding-top: 0; padding-bottom: 0; padding-left: 0; padding-right: 0&quot; data-lang-de=&quot;{&amp;quot;content&amp;quot;:&amp;quot;Entlebucher Sennenhund&amp;quot;,&amp;quot;href&amp;quot;:&amp;quot;https:\/\/www.entlebuchersennenhunde.ch&amp;quot;}&quot;>Entlebucher Sennenhund<\/a><\/li><li><div class=&quot;u-list-icon-11 u-list-icon&quot; style=&quot;color: rgb(244, 67, 54) !important&quot;><img src=&quot;https:\/\/loewen-escholzmatt.ch\/wp-content\/uploads\/2023\/06\/376007-1.png&quot; alt=&quot;&quot; data-original-src=&quot;https:\/\/loewen-escholzmatt.ch\/wp-content\/uploads\/2023\/06\/376007-1.png&quot;><\/div><a href=&quot;https:\/\/www.soerenberg.ch\/de\/&quot; class=&quot;u-active-none u-btn-11 u-border-none u-btn u-button-link u-button-style u-hover-none u-none u-text-body-color&quot; target=&quot;_blank&quot; style=&quot;background-image: none; padding-top: 0; padding-bottom: 0; padding-left: 0; padding-right: 0&quot; data-lang-de=&quot;{&amp;quot;content&amp;quot;:&amp;quot;Ferienregion S\u00f6renberg&amp;quot;,&amp;quot;href&amp;quot;:&amp;quot;https:\/\/www.soerenberg.ch\/de\/&amp;quot;}&quot;>Ferienregion S\u00f6renberg<\/a><\/li><li><div class=&quot;u-list-icon-12 u-list-icon&quot; style=&quot;color: rgb(244, 67, 54) !important&quot;><img src=&quot;https:\/\/loewen-escholzmatt.ch\/wp-content\/uploads\/2023\/06\/376007-1.png&quot; alt=&quot;&quot; data-original-src=&quot;https:\/\/loewen-escholzmatt.ch\/wp-content\/uploads\/2023\/06\/376007-1.png&quot; data-color=&quot;#000000&quot;><\/div><a href=&quot;https:\/\/www.jodlerklub-escholzmatt.ch\/&quot; class=&quot;u-active-none u-btn-12 u-border-none u-btn u-button-link u-button-style u-hover-none u-none u-text-black&quot; target=&quot;_blank&quot; style=&quot;background-image: none; padding-top: 0; padding-bottom: 0; padding-left: 0; padding-right: 0; font-family: Raleway, sans-serif; font-size: 1rem&quot; data-lang-de=&quot;{&amp;quot;content&amp;quot;:&amp;quot;\u200b&amp;quot;,&amp;quot;href&amp;quot;:&amp;quot;https:\/\/www.jodlerklub-escholzmatt.ch\/&amp;quot;}&quot;>\u200b<\/a><a href=&quot;https:\/\/www.jodlerklub-escholzmatt.ch\/&quot; class=&quot;u-active-none u-btn-12 u-border-none u-btn u-button-link u-button-style u-hover-none u-none u-text-black&quot; target=&quot;_blank&quot; style=&quot;background-image: none; padding-top: 0; padding-bottom: 0; padding-left: 0; padding-right: 0; font-family: Raleway, sans-serif; font-size: 1rem&quot; data-lang-de=&quot;{&amp;quot;content&amp;quot;:&amp;quot;Jodlerklub Escholzmatt&amp;quot;,&amp;quot;href&amp;quot;:&amp;quot;https:\/\/www.jodlerklub-escholzmatt.ch\/&amp;quot;}&quot;>Jodlerklub Escholzmatt<\/a><\/li>\">\n          <li>\n            <div class=\"u-list-icon u-list-icon-1\">\n              <img decoding=\"async\" src=\"https:\/\/loewen-escholzmatt.ch\/wp-content\/uploads\/2023\/06\/376007-1.png\" alt=\"\">\n            <\/div>\n            <a href=\"https:\/\/www.chilemusig.ch\/startseite.html\" class=\"u-border-1 u-border-active-palette-2-base u-border-hover-palette-1-base u-border-no-left u-border-no-right u-border-no-top u-btn u-button-link u-button-style u-none u-text-body-color u-btn-1\" target=\"_blank\">Kirchenmusik Escholzmatt<\/a>\n          <\/li>\n          <li>\n            <div class=\"u-list-icon u-list-icon-2\">\n              <img decoding=\"async\" src=\"https:\/\/loewen-escholzmatt.ch\/wp-content\/uploads\/2023\/06\/376007-1.png\" alt=\"\">\n            <\/div>\n            <a href=\"https:\/\/trachtengruppe-escholzmatt.ch\/\" class=\"u-active-none u-border-none u-btn u-button-link u-button-style u-hover-none u-none u-text-body-color u-btn-2\" target=\"_blank\">Trachtengruppe Escholzmatt<\/a>\n          <\/li>\n          <li>\n            <div class=\"u-list-icon u-list-icon-3\">\n              <img decoding=\"async\" src=\"https:\/\/loewen-escholzmatt.ch\/wp-content\/uploads\/2023\/06\/376007-1.png\" alt=\"\">\n            <\/div>\n            <a href=\"https:\/\/www.theater-escholzmatt.ch\" class=\"u-active-none u-border-none u-btn u-button-link u-button-style u-hover-none u-none u-text-body-color u-btn-3\" target=\"_blank\">Theater Escholzmatt<\/a>\n          <\/li>\n          <li>\n            <div class=\"u-list-icon u-list-icon-4\">\n              <img decoding=\"async\" src=\"https:\/\/loewen-escholzmatt.ch\/wp-content\/uploads\/2023\/06\/376007-1.png\" alt=\"\">\n            <\/div>\n            <a href=\"https:\/\/www.appenzellerbier.ch\/de\/home.html\" class=\"u-active-none u-border-none u-btn u-button-link u-button-style u-hover-none u-none u-text-body-color u-btn-4\" target=\"_blank\">Appenzeller Bier<\/a>\n          <\/li>\n          <li>\n            <div class=\"u-list-icon u-list-icon-5\">\n              <img decoding=\"async\" src=\"https:\/\/loewen-escholzmatt.ch\/wp-content\/uploads\/2023\/06\/376007-1.png\" alt=\"\">\n            <\/div>\n            <a href=\"https:\/\/pilatus-getraenke.ch\/\" class=\"u-active-none u-border-none u-btn u-button-link u-button-style u-hover-none u-none u-text-body-color u-btn-5\" target=\"_blank\">Pilatus Getr\u00e4nke<\/a>\n          <\/li>\n          <li>\n            <div class=\"u-list-icon u-list-icon-6\">\n              <img decoding=\"async\" src=\"https:\/\/loewen-escholzmatt.ch\/wp-content\/uploads\/2023\/06\/376007-1.png\" alt=\"\">\n            <\/div>\n            <a href=\"http:\/\/www.southcoastoceanviewapartments.com\/\" class=\"u-active-none u-border-none u-btn u-button-link u-button-style u-hover-none u-none u-text-body-color u-btn-6\" target=\"_blank\">Ruedi und Wilma Portmann<\/a>\n          <\/li>\n          <li>\n            <div class=\"u-list-icon u-list-icon-7\">\n              <img decoding=\"async\" src=\"https:\/\/loewen-escholzmatt.ch\/wp-content\/uploads\/2023\/06\/376007-1.png\" alt=\"\">\n            <\/div>\n            <a href=\"http:\/\/www.jodlerchoerli-lehn.ch\/\" class=\"u-active-none u-border-none u-btn u-button-link u-button-style u-hover-none u-none u-text-body-color u-btn-7\" target=\"_blank\">Jodlerch\u00f6rli Lehn<\/a>\n          <\/li>\n          <li>\n            <div class=\"u-list-icon u-list-icon-8\">\n              <img decoding=\"async\" src=\"https:\/\/loewen-escholzmatt.ch\/wp-content\/uploads\/2023\/06\/376007-1.png\" alt=\"\">\n            <\/div>\n            <a href=\"https:\/\/www.sergeschmid.ch\/\" class=\"u-active-none u-border-none u-btn u-button-link u-button-style u-hover-none u-none u-text-body-color u-btn-8\" target=\"_blank\">Serge Schmid, Langnau<\/a>\n          <\/li>\n          <li>\n            <div class=\"u-list-icon u-list-icon-9\">\n              <img decoding=\"async\" src=\"https:\/\/loewen-escholzmatt.ch\/wp-content\/uploads\/2023\/06\/376007-1.png\" alt=\"\">\n            <\/div>\n            <a href=\"https:\/\/www.escholzmatt-marbach.ch\/\" class=\"u-active-none u-border-none u-btn u-button-link u-button-style u-hover-none u-none u-text-body-color u-btn-9\" target=\"_blank\">Gemeinde Escholzmatt<\/a>\n          <\/li>\n          <li>\n            <div class=\"u-list-icon u-list-icon-10\">\n              <img decoding=\"async\" src=\"https:\/\/loewen-escholzmatt.ch\/wp-content\/uploads\/2023\/06\/376007-1.png\" alt=\"\">\n            <\/div>\n            <a href=\"https:\/\/www.entlebuchersennenhunde.ch\" class=\"u-active-none u-border-none u-btn u-button-link u-button-style u-hover-none u-none u-text-body-color u-btn-10\" target=\"_blank\">Entlebucher Sennenhund<\/a>\n          <\/li>\n          <li>\n            <div class=\"u-list-icon u-list-icon-11\">\n              <img decoding=\"async\" src=\"https:\/\/loewen-escholzmatt.ch\/wp-content\/uploads\/2023\/06\/376007-1.png\" alt=\"\">\n            <\/div>\n            <a href=\"https:\/\/www.soerenberg.ch\/de\/\" class=\"u-active-none u-border-none u-btn u-button-link u-button-style u-hover-none u-none u-text-body-color u-btn-11\" target=\"_blank\">Ferienregion S\u00f6renberg<\/a>\n          <\/li>\n          <li>\n            <div class=\"u-list-icon u-list-icon-12\">\n              <img decoding=\"async\" src=\"https:\/\/loewen-escholzmatt.ch\/wp-content\/uploads\/2023\/06\/376007-1.png\" alt=\"\">\n            <\/div>\n            <a href=\"https:\/\/www.jodlerklub-escholzmatt.ch\/\" class=\"u-active-none u-border-none u-btn u-button-link u-button-style u-hover-none u-none u-text-black u-btn-12\" target=\"_blank\"><\/a>\n            <a href=\"https:\/\/www.jodlerklub-escholzmatt.ch\/\" class=\"u-active-none u-border-none u-btn u-button-link u-button-style u-hover-none u-none u-text-black u-btn-12\" target=\"_blank\">Jodlerklub Escholzmatt<\/a>\n          <\/li>\n        <\/ul>\n        <div class=\"u-shape u-shape-svg u-text-custom-color-1 u-shape-1\">\n          <svg class=\"u-svg-link\" preserveAspectRatio=\"none\" viewBox=\"0 0 160 160\" style=\"\"><use xmlns:xlink=\"http:\/\/www.w3.org\/1999\/xlink\" xlink:href=\"#svg-29d9\"><\/use><\/svg>\n          <svg class=\"u-svg-content\" viewBox=\"0 0 160 160\" x=\"0px\" y=\"0px\" id=\"svg-29d9\"><path d=\"M157.4,45.5c11.3-39.1-16.3-50.2-43.8-43.8c-25.2,5.8-35.5,17.2-61,16.5C21.7,17.4,0,39.8,0,71.3\n\tc0,49.1,58.2,47.8,76.2,68.5c38.8,44.7,92.8,8.2,79.3-40.3C148.1,73.2,155.9,50.6,157.4,45.5z\"><\/path><\/svg>\n        <\/div>\n      <\/div>\n    <\/section>\n    \n    \n    \n  \n","protected":false},"excerpt":{"rendered":"<p>Links Kirchenmusik Escholzmatt Trachtengruppe Escholzmatt Theater Escholzmatt Appenzeller Bier Pilatus Getr\u00e4nke Ruedi und Wilma Portmann Jodlerch\u00f6rli Lehn Serge Schmid, Langnau Gemeinde Escholzmatt Entlebucher Sennenhund Ferienregion S\u00f6renberg Jodlerklub Escholzmatt<\/p>\n","protected":false},"author":1,"featured_media":0,"parent":0,"menu_order":1,"comment_status":"closed","ping_status":"closed","template":"","meta":{"footnotes":""},"class_list":["post-140","page","type-page","status-publish","hentry"],"_links":{"self":[{"href":"https:\/\/loewen-escholzmatt.ch\/index.php?rest_route=\/wp\/v2\/pages\/140","targetHints":{"allow":["GET"]}}],"collection":[{"href":"https:\/\/loewen-escholzmatt.ch\/index.php?rest_route=\/wp\/v2\/pages"}],"about":[{"href":"https:\/\/loewen-escholzmatt.ch\/index.php?rest_route=\/wp\/v2\/types\/page"}],"author":[{"embeddable":true,"href":"https:\/\/loewen-escholzmatt.ch\/index.php?rest_route=\/wp\/v2\/users\/1"}],"replies":[{"embeddable":true,"href":"https:\/\/loewen-escholzmatt.ch\/index.php?rest_route=%2Fwp%2Fv2%2Fcomments&post=140"}],"version-history":[{"count":1,"href":"https:\/\/loewen-escholzmatt.ch\/index.php?rest_route=\/wp\/v2\/pages\/140\/revisions"}],"predecessor-version":[{"id":158,"href":"https:\/\/loewen-escholzmatt.ch\/index.php?rest_route=\/wp\/v2\/pages\/140\/revisions\/158"}],"wp:attachment":[{"href":"https:\/\/loewen-escholzmatt.ch\/index.php?rest_route=%2Fwp%2Fv2%2Fmedia&parent=140"}],"curies":[{"name":"wp","href":"https:\/\/api.w.org\/{rel}","templated":true}]}}